{"id":2573,"date":"2019-10-27T00:00:00","date_gmt":"2019-10-26T22:00:00","guid":{"rendered":"https:\/\/ileawo.com\/blog\/"},"modified":"2020-05-26T11:52:18","modified_gmt":"2020-05-26T09:52:18","slug":"blog","status":"publish","type":"page","link":"https:\/\/ileawo.com\/pt-br\/blog\/","title":{"rendered":"Blog de If\u00e1 Tradicional"},"content":{"rendered":"<div class=\"wpb-content-wrapper\"><p>[vc_row css=&#8221;.vc_custom_1574680097132{margin-top: 0px !important;padding-bottom: 45px !important;}&#8221;][vc_column]<div class=\"column_filters\"><div class=\"blog_wrapper isotope_wrapper clearfix\"><div class=\"posts_group lm_wrapper element_classes col-2 grid hide-more\"><article class=\"post post-item isotope-item clearfix category-2700 category-2709 post-8390 type-post status-publish format-standard has-post-thumbnail hentry category-news-pt-br category-ileawo-pt-br\" style=\"\"><div class=\"date_label\">mar\u00e7o 26, 2026<\/div><div class=\"image_frame post-photo-wrapper scale-with-grid image\"><div class=\"image_wrapper\"><a href=\"https:\/\/ileawo.com\/pt-br\/imprensa-ile-ife-destaca-trabalho-ile-awo\/\"><div class=\"mask\"><\/div><img decoding=\"async\" width=\"960\" height=\"720\" src=\"https:\/\/ileawo.com\/wp-content\/uploads\/2026\/03\/Articulo-publicado-en-el-Osun-Defender-de-Ile-Ife-sobre-Ile-Awo-960x720.jpg\" class=\"scale-with-grid wp-post-image\" alt=\"Art\u00edculo publicado en Il\u00e9 Ife sobre Ifabiyii Akoda\" \/><\/a><div class=\"image_links double\"><a class=\"zoom \"  rel=\"prettyphoto\" href=\"https:\/\/ileawo.com\/wp-content\/uploads\/2026\/03\/Articulo-publicado-en-el-Osun-Defender-de-Ile-Ife-sobre-Ile-Awo-1024x691.jpg\"><svg viewBox=\"0 0 26 26\"><defs><style>.path{fill:none;stroke:#333;stroke-miterlimit:10;stroke-width:1.5px;}<\/style><\/defs><circle cx=\"11.35\" cy=\"11.35\" r=\"6\" class=\"path\"><\/circle><line x1=\"15.59\" y1=\"15.59\" x2=\"20.65\" y2=\"20.65\" class=\"path\"><\/line><\/svg><\/a><a class=\"link \"  href=\"https:\/\/ileawo.com\/pt-br\/imprensa-ile-ife-destaca-trabalho-ile-awo\/\"><svg viewBox=\"0 0 26 26\"><defs><style>.path{fill:none;stroke:#333;stroke-miterlimit:10;stroke-width:1.5px;}<\/style><\/defs><g><path d=\"M10.17,8.76l2.12-2.12a5,5,0,0,1,7.07,0h0a5,5,0,0,1,0,7.07l-2.12,2.12\" class=\"path\"><\/path><path d=\"M15.83,17.24l-2.12,2.12a5,5,0,0,1-7.07,0h0a5,5,0,0,1,0-7.07l2.12-2.12\" class=\"path\"><\/path><line x1=\"10.17\" y1=\"15.83\" x2=\"15.83\" y2=\"10.17\" class=\"path\"><\/line><\/g><\/svg><\/a><\/div><\/div><\/div><div class=\"post-desc-wrapper bg-\" style=\"\"><div class=\"post-desc\"><div class=\"post-head\"><div class=\"post-meta clearfix\"><div class=\"author-date\"><span class=\"vcard author post-author\"><span class=\"label\">Publicado por <\/span><i class=\"icon-user\" aria-label=\"author\"><\/i> <span class=\"fn\"><a href=\"https:\/\/ileawo.com\/pt-br\/author\/schumacher\/\">If\u00e1b\u00edy\u00ec\u00ed Ak\u00f3d\u00e0<\/a><\/span><\/span> <span class=\"date\"><span class=\"label\">em <\/span><i class=\"icon-clock\"><\/i> <span class=\"post-date updated\">mar\u00e7o 26, 2026<\/span><\/span><\/div><\/div><\/div><div class=\"post-title\"><h2 class=\"entry-title \" itemprop=\"headline\"><a href=\"https:\/\/ileawo.com\/pt-br\/imprensa-ile-ife-destaca-trabalho-ile-awo\/\">A imprensa de Ile Ife reconhece o trabalho de Il\u00e9 Awo na preserva\u00e7\u00e3o e difus\u00e3o do If\u00e1 Tradicional<\/a><\/h2><\/div><div class=\"post-excerpt\">Cada vez mais pessoas fora da Nig\u00e9ria buscam acesso ao conhecimento tradicional de If\u00e1. O problema \u00e9 que grande parte do que circula hoje em livros,<span class=\"excerpt-hellip\"> [\u2026]<\/span><\/div><div class=\"post-footer\"><div class=\"button-love\"><span class=\"love-text\">\u00bfTe gusta?<\/span><a href=\"#\" class=\"mfn-love \" data-id=\"8390\"><span class=\"icons-wrapper\"><i class=\"icon-heart-empty-fa\"><\/i><i class=\"icon-heart-fa\"><\/i><\/span><span class=\"label\">0<\/span><\/a><\/div><div class=\"post-links\"><i class=\"read-more-icon icon-doc-text\" aria-hidden=\"true\"><\/i> <a href=\"https:\/\/ileawo.com\/pt-br\/imprensa-ile-ife-destaca-trabalho-ile-awo\/\" class=\"post-more\">Consulte Mais<\/a><\/div><\/div><\/div><\/div><\/article><article class=\"post post-item isotope-item clearfix category-2700 category-2709 post-8371 type-post status-publish format-standard has-post-thumbnail hentry category-news-pt-br category-ileawo-pt-br\" style=\"\"><div class=\"date_label\">mar\u00e7o 23, 2026<\/div><div class=\"image_frame post-photo-wrapper scale-with-grid image\"><div class=\"image_wrapper\"><a href=\"https:\/\/ileawo.com\/pt-br\/festival-odun-mole-ifa-2026\/\"><div class=\"mask\"><\/div><img decoding=\"async\" width=\"960\" height=\"720\" src=\"https:\/\/ileawo.com\/wp-content\/uploads\/2026\/03\/ifa-mole-festival-oyo-960x720.jpg\" class=\"scale-with-grid wp-post-image\" alt=\"Imagen conmemorativa del festival \u1eccd\u00fan M\u1ecdl\u1eb9-If\u00e1 2026 en \u1ecc\u0300y\u1ecd\u0301, celebrando el legado de If\u00e1b\u00edy\u00ec\u00ed Ak\u00f3d\u00e0 y las ra\u00edces del linaje de Il\u00e9 Awo.\" \/><\/a><div class=\"image_links double\"><a class=\"zoom \"  rel=\"prettyphoto\" href=\"https:\/\/ileawo.com\/wp-content\/uploads\/2026\/03\/ifa-mole-festival-oyo-1024x576.jpg\"><svg viewBox=\"0 0 26 26\"><defs><style>.path{fill:none;stroke:#333;stroke-miterlimit:10;stroke-width:1.5px;}<\/style><\/defs><circle cx=\"11.35\" cy=\"11.35\" r=\"6\" class=\"path\"><\/circle><line x1=\"15.59\" y1=\"15.59\" x2=\"20.65\" y2=\"20.65\" class=\"path\"><\/line><\/svg><\/a><a class=\"link \"  href=\"https:\/\/ileawo.com\/pt-br\/festival-odun-mole-ifa-2026\/\"><svg viewBox=\"0 0 26 26\"><defs><style>.path{fill:none;stroke:#333;stroke-miterlimit:10;stroke-width:1.5px;}<\/style><\/defs><g><path d=\"M10.17,8.76l2.12-2.12a5,5,0,0,1,7.07,0h0a5,5,0,0,1,0,7.07l-2.12,2.12\" class=\"path\"><\/path><path d=\"M15.83,17.24l-2.12,2.12a5,5,0,0,1-7.07,0h0a5,5,0,0,1,0-7.07l2.12-2.12\" class=\"path\"><\/path><line x1=\"10.17\" y1=\"15.83\" x2=\"15.83\" y2=\"10.17\" class=\"path\"><\/line><\/g><\/svg><\/a><\/div><\/div><\/div><div class=\"post-desc-wrapper bg-\" style=\"\"><div class=\"post-desc\"><div class=\"post-head\"><div class=\"post-meta clearfix\"><div class=\"author-date\"><span class=\"vcard author post-author\"><span class=\"label\">Publicado por <\/span><i class=\"icon-user\" aria-label=\"author\"><\/i> <span class=\"fn\"><a href=\"https:\/\/ileawo.com\/pt-br\/author\/schumacher\/\">If\u00e1b\u00edy\u00ec\u00ed Ak\u00f3d\u00e0<\/a><\/span><\/span> <span class=\"date\"><span class=\"label\">em <\/span><i class=\"icon-clock\"><\/i> <span class=\"post-date updated\">mar\u00e7o 23, 2026<\/span><\/span><\/div><\/div><\/div><div class=\"post-title\"><h2 class=\"entry-title \" itemprop=\"headline\"><a href=\"https:\/\/ileawo.com\/pt-br\/festival-odun-mole-ifa-2026\/\">If\u00e1 Tradicional abre acesso gratuito aos n\u00edveis Iniciante e Avan\u00e7ado por 3 dias<\/a><\/h2><\/div><div class=\"post-excerpt\">Amanh\u00e3, 1\u00ba de abril, \u00e9 uma data de grande significado para Il\u00e9 Awo. Celebramos o festival de If\u00e1b\u00edy\u00ec\u00ed Ak\u00f3d\u00e0, comemorando seus 27 anos de trajet\u00f3ria como<span class=\"excerpt-hellip\"> [\u2026]<\/span><\/div><div class=\"post-footer\"><div class=\"button-love\"><span class=\"love-text\">\u00bfTe gusta?<\/span><a href=\"#\" class=\"mfn-love \" data-id=\"8371\"><span class=\"icons-wrapper\"><i class=\"icon-heart-empty-fa\"><\/i><i class=\"icon-heart-fa\"><\/i><\/span><span class=\"label\">0<\/span><\/a><\/div><div class=\"post-links\"><i class=\"read-more-icon icon-doc-text\" aria-hidden=\"true\"><\/i> <a href=\"https:\/\/ileawo.com\/pt-br\/festival-odun-mole-ifa-2026\/\" class=\"post-more\">Consulte Mais<\/a><\/div><\/div><\/div><\/div><\/article><article class=\"post post-item isotope-item clearfix category-2700 category-2709 post-8198 type-post status-publish format-standard has-post-thumbnail hentry category-news-pt-br category-ileawo-pt-br\" style=\"\"><div class=\"date_label\">junho 11, 2025<\/div><div class=\"image_frame post-photo-wrapper scale-with-grid image\"><div class=\"image_wrapper\"><a href=\"https:\/\/ileawo.com\/pt-br\/aproveitar-oke-itase-2025-decisoes-importantes\/\"><div class=\"mask\"><\/div><img decoding=\"async\" width=\"960\" height=\"720\" src=\"https:\/\/ileawo.com\/wp-content\/uploads\/2025\/06\/IMG_2930-960x720.jpg\" class=\"scale-with-grid wp-post-image\" alt=\"Oke Itase 2025 signo\" \/><\/a><div class=\"image_links double\"><a class=\"zoom \"  rel=\"prettyphoto\" href=\"https:\/\/ileawo.com\/wp-content\/uploads\/2025\/06\/IMG_2930-1024x567.jpg\"><svg viewBox=\"0 0 26 26\"><defs><style>.path{fill:none;stroke:#333;stroke-miterlimit:10;stroke-width:1.5px;}<\/style><\/defs><circle cx=\"11.35\" cy=\"11.35\" r=\"6\" class=\"path\"><\/circle><line x1=\"15.59\" y1=\"15.59\" x2=\"20.65\" y2=\"20.65\" class=\"path\"><\/line><\/svg><\/a><a class=\"link \"  href=\"https:\/\/ileawo.com\/pt-br\/aproveitar-oke-itase-2025-decisoes-importantes\/\"><svg viewBox=\"0 0 26 26\"><defs><style>.path{fill:none;stroke:#333;stroke-miterlimit:10;stroke-width:1.5px;}<\/style><\/defs><g><path d=\"M10.17,8.76l2.12-2.12a5,5,0,0,1,7.07,0h0a5,5,0,0,1,0,7.07l-2.12,2.12\" class=\"path\"><\/path><path d=\"M15.83,17.24l-2.12,2.12a5,5,0,0,1-7.07,0h0a5,5,0,0,1,0-7.07l2.12-2.12\" class=\"path\"><\/path><line x1=\"10.17\" y1=\"15.83\" x2=\"15.83\" y2=\"10.17\" class=\"path\"><\/line><\/g><\/svg><\/a><\/div><\/div><\/div><div class=\"post-desc-wrapper bg-\" style=\"\"><div class=\"post-desc\"><div class=\"post-head\"><div class=\"post-meta clearfix\"><div class=\"author-date\"><span class=\"vcard author post-author\"><span class=\"label\">Publicado por <\/span><i class=\"icon-user\" aria-label=\"author\"><\/i> <span class=\"fn\"><a href=\"https:\/\/ileawo.com\/pt-br\/author\/schumacher\/\">If\u00e1b\u00edy\u00ec\u00ed Ak\u00f3d\u00e0<\/a><\/span><\/span> <span class=\"date\"><span class=\"label\">em <\/span><i class=\"icon-clock\"><\/i> <span class=\"post-date updated\">junho 11, 2025<\/span><\/span><\/div><\/div><\/div><div class=\"post-title\"><h2 class=\"entry-title \" itemprop=\"headline\"><a href=\"https:\/\/ileawo.com\/pt-br\/aproveitar-oke-itase-2025-decisoes-importantes\/\">Como aproveitar o Oke Itase 2025 para decis\u00f5es importantes<\/a><\/h2><\/div><div class=\"post-excerpt\">Oke Itase 2025 n\u00e3o \u00e9 apenas uma cerim\u00f4nia anual: \u00e9 um guia coletivo que If\u00e1 oferece para orientar nossas a\u00e7\u00f5es ao longo do ano. Quando o<span class=\"excerpt-hellip\"> [\u2026]<\/span><\/div><div class=\"post-footer\"><div class=\"button-love\"><span class=\"love-text\">\u00bfTe gusta?<\/span><a href=\"#\" class=\"mfn-love \" data-id=\"8198\"><span class=\"icons-wrapper\"><i class=\"icon-heart-empty-fa\"><\/i><i class=\"icon-heart-fa\"><\/i><\/span><span class=\"label\">0<\/span><\/a><\/div><div class=\"post-links\"><i class=\"read-more-icon icon-doc-text\" aria-hidden=\"true\"><\/i> <a href=\"https:\/\/ileawo.com\/pt-br\/aproveitar-oke-itase-2025-decisoes-importantes\/\" class=\"post-more\">Consulte Mais<\/a><\/div><\/div><\/div><\/div><\/article><article class=\"post post-item isotope-item clearfix category-2700 category-2709 post-8180 type-post status-publish format-standard has-post-thumbnail hentry category-news-pt-br category-ileawo-pt-br\" style=\"\"><div class=\"date_label\">junho 6, 2025<\/div><div class=\"image_frame post-photo-wrapper scale-with-grid image\"><div class=\"image_wrapper\"><a href=\"https:\/\/ileawo.com\/pt-br\/festival-oke-itase-a-adivinhacao-mundial-ifa\/\"><div class=\"mask\"><\/div><img decoding=\"async\" width=\"960\" height=\"720\" src=\"https:\/\/ileawo.com\/wp-content\/uploads\/2025\/06\/IMG_2934-960x720.jpg\" class=\"scale-with-grid wp-post-image\" alt=\"Festival del Oke Itase\" srcset=\"https:\/\/ileawo.com\/wp-content\/uploads\/2025\/06\/IMG_2934-960x720.jpg 960w, https:\/\/ileawo.com\/wp-content\/uploads\/2025\/06\/IMG_2934-99x75.jpg 99w\" sizes=\"(max-width:767px) 480px, (max-width:960px) 100vw, 960px\" \/><\/a><div class=\"image_links double\"><a class=\"zoom \"  rel=\"prettyphoto\" href=\"https:\/\/ileawo.com\/wp-content\/uploads\/2025\/06\/IMG_2934-1024x778.jpg\"><svg viewBox=\"0 0 26 26\"><defs><style>.path{fill:none;stroke:#333;stroke-miterlimit:10;stroke-width:1.5px;}<\/style><\/defs><circle cx=\"11.35\" cy=\"11.35\" r=\"6\" class=\"path\"><\/circle><line x1=\"15.59\" y1=\"15.59\" x2=\"20.65\" y2=\"20.65\" class=\"path\"><\/line><\/svg><\/a><a class=\"link \"  href=\"https:\/\/ileawo.com\/pt-br\/festival-oke-itase-a-adivinhacao-mundial-ifa\/\"><svg viewBox=\"0 0 26 26\"><defs><style>.path{fill:none;stroke:#333;stroke-miterlimit:10;stroke-width:1.5px;}<\/style><\/defs><g><path d=\"M10.17,8.76l2.12-2.12a5,5,0,0,1,7.07,0h0a5,5,0,0,1,0,7.07l-2.12,2.12\" class=\"path\"><\/path><path d=\"M15.83,17.24l-2.12,2.12a5,5,0,0,1-7.07,0h0a5,5,0,0,1,0-7.07l2.12-2.12\" class=\"path\"><\/path><line x1=\"10.17\" y1=\"15.83\" x2=\"15.83\" y2=\"10.17\" class=\"path\"><\/line><\/g><\/svg><\/a><\/div><\/div><\/div><div class=\"post-desc-wrapper bg-\" style=\"\"><div class=\"post-desc\"><div class=\"post-head\"><div class=\"post-meta clearfix\"><div class=\"author-date\"><span class=\"vcard author post-author\"><span class=\"label\">Publicado por <\/span><i class=\"icon-user\" aria-label=\"author\"><\/i> <span class=\"fn\"><a href=\"https:\/\/ileawo.com\/pt-br\/author\/schumacher\/\">If\u00e1b\u00edy\u00ec\u00ed Ak\u00f3d\u00e0<\/a><\/span><\/span> <span class=\"date\"><span class=\"label\">em <\/span><i class=\"icon-clock\"><\/i> <span class=\"post-date updated\">junho 6, 2025<\/span><\/span><\/div><\/div><\/div><div class=\"post-title\"><h2 class=\"entry-title \" itemprop=\"headline\"><a href=\"https:\/\/ileawo.com\/pt-br\/festival-oke-itase-a-adivinhacao-mundial-ifa\/\">O festival de Oke Itase: Como nasceu a adivinha\u00e7\u00e3o mundial de If\u00e1<\/a><\/h2><\/div><div class=\"post-excerpt\">O festival de Oke Itase \u00e9 um dos mais antigos e sagrados dentro da tradi\u00e7\u00e3o iorub\u00e1. Sua hist\u00f3ria remonta ao ber\u00e7o espiritual de Ifa, Ile Ife,<span class=\"excerpt-hellip\"> [\u2026]<\/span><\/div><div class=\"post-footer\"><div class=\"button-love\"><span class=\"love-text\">\u00bfTe gusta?<\/span><a href=\"#\" class=\"mfn-love \" data-id=\"8180\"><span class=\"icons-wrapper\"><i class=\"icon-heart-empty-fa\"><\/i><i class=\"icon-heart-fa\"><\/i><\/span><span class=\"label\">0<\/span><\/a><\/div><div class=\"post-links\"><i class=\"read-more-icon icon-doc-text\" aria-hidden=\"true\"><\/i> <a href=\"https:\/\/ileawo.com\/pt-br\/festival-oke-itase-a-adivinhacao-mundial-ifa\/\" class=\"post-more\">Consulte Mais<\/a><\/div><\/div><\/div><\/div><\/article><article class=\"post post-item isotope-item clearfix category-2700 category-2709 post-8169 type-post status-publish format-standard has-post-thumbnail hentry category-news-pt-br category-ileawo-pt-br\" style=\"\"><div class=\"date_label\">junho 3, 2025<\/div><div class=\"image_frame post-photo-wrapper scale-with-grid image\"><div class=\"image_wrapper\"><a href=\"https:\/\/ileawo.com\/pt-br\/oke-itase-2025-dia-ifa-fala-todos\/\"><div class=\"mask\"><\/div><img decoding=\"async\" width=\"960\" height=\"540\" src=\"https:\/\/ileawo.com\/wp-content\/uploads\/2025\/06\/AB8B8CD3-159C-46B7-AB0A-2BF696E663FA.jpg\" class=\"scale-with-grid wp-post-image\" alt=\"Oke Itase 2025\" srcset=\"https:\/\/ileawo.com\/wp-content\/uploads\/2025\/06\/AB8B8CD3-159C-46B7-AB0A-2BF696E663FA.jpg 960w, https:\/\/ileawo.com\/wp-content\/uploads\/2025\/06\/AB8B8CD3-159C-46B7-AB0A-2BF696E663FA-300x169.jpg 300w, https:\/\/ileawo.com\/wp-content\/uploads\/2025\/06\/AB8B8CD3-159C-46B7-AB0A-2BF696E663FA-768x432.jpg 768w, https:\/\/ileawo.com\/wp-content\/uploads\/2025\/06\/AB8B8CD3-159C-46B7-AB0A-2BF696E663FA-133x75.jpg 133w, https:\/\/ileawo.com\/wp-content\/uploads\/2025\/06\/AB8B8CD3-159C-46B7-AB0A-2BF696E663FA-480x270.jpg 480w\" sizes=\"(max-width:767px) 480px, (max-width:960px) 100vw, 960px\" \/><\/a><div class=\"image_links double\"><a class=\"zoom \"  rel=\"prettyphoto\" href=\"https:\/\/ileawo.com\/wp-content\/uploads\/2025\/06\/AB8B8CD3-159C-46B7-AB0A-2BF696E663FA.jpg\"><svg viewBox=\"0 0 26 26\"><defs><style>.path{fill:none;stroke:#333;stroke-miterlimit:10;stroke-width:1.5px;}<\/style><\/defs><circle cx=\"11.35\" cy=\"11.35\" r=\"6\" class=\"path\"><\/circle><line x1=\"15.59\" y1=\"15.59\" x2=\"20.65\" y2=\"20.65\" class=\"path\"><\/line><\/svg><\/a><a class=\"link \"  href=\"https:\/\/ileawo.com\/pt-br\/oke-itase-2025-dia-ifa-fala-todos\/\"><svg viewBox=\"0 0 26 26\"><defs><style>.path{fill:none;stroke:#333;stroke-miterlimit:10;stroke-width:1.5px;}<\/style><\/defs><g><path d=\"M10.17,8.76l2.12-2.12a5,5,0,0,1,7.07,0h0a5,5,0,0,1,0,7.07l-2.12,2.12\" class=\"path\"><\/path><path d=\"M15.83,17.24l-2.12,2.12a5,5,0,0,1-7.07,0h0a5,5,0,0,1,0-7.07l2.12-2.12\" class=\"path\"><\/path><line x1=\"10.17\" y1=\"15.83\" x2=\"15.83\" y2=\"10.17\" class=\"path\"><\/line><\/g><\/svg><\/a><\/div><\/div><\/div><div class=\"post-desc-wrapper bg-\" style=\"\"><div class=\"post-desc\"><div class=\"post-head\"><div class=\"post-meta clearfix\"><div class=\"author-date\"><span class=\"vcard author post-author\"><span class=\"label\">Publicado por <\/span><i class=\"icon-user\" aria-label=\"author\"><\/i> <span class=\"fn\"><a href=\"https:\/\/ileawo.com\/pt-br\/author\/schumacher\/\">If\u00e1b\u00edy\u00ec\u00ed Ak\u00f3d\u00e0<\/a><\/span><\/span> <span class=\"date\"><span class=\"label\">em <\/span><i class=\"icon-clock\"><\/i> <span class=\"post-date updated\">junho 3, 2025<\/span><\/span><\/div><\/div><\/div><div class=\"post-title\"><h2 class=\"entry-title \" itemprop=\"headline\"><a href=\"https:\/\/ileawo.com\/pt-br\/oke-itase-2025-dia-ifa-fala-todos\/\">Oke Itase 2025: o dia em que If\u00e1 fala para todos<\/a><\/h2><\/div><div class=\"post-excerpt\">O festival Oke Itase 2025 j\u00e1 est\u00e1 em andamento. At\u00e9 8 de junho, Babalawo e praticantes de Ifa de todo o mundo e de todas as<span class=\"excerpt-hellip\"> [\u2026]<\/span><\/div><div class=\"post-footer\"><div class=\"button-love\"><span class=\"love-text\">\u00bfTe gusta?<\/span><a href=\"#\" class=\"mfn-love \" data-id=\"8169\"><span class=\"icons-wrapper\"><i class=\"icon-heart-empty-fa\"><\/i><i class=\"icon-heart-fa\"><\/i><\/span><span class=\"label\">0<\/span><\/a><\/div><div class=\"post-links\"><i class=\"read-more-icon icon-doc-text\" aria-hidden=\"true\"><\/i> <a href=\"https:\/\/ileawo.com\/pt-br\/oke-itase-2025-dia-ifa-fala-todos\/\" class=\"post-more\">Consulte Mais<\/a><\/div><\/div><\/div><\/div><\/article><article class=\"post post-item isotope-item clearfix category-2700 category-2709 post-8154 type-post status-publish format-standard has-post-thumbnail hentry category-news-pt-br category-ileawo-pt-br\" style=\"\"><div class=\"date_label\">abril 5, 2025<\/div><div class=\"image_frame post-photo-wrapper scale-with-grid image\"><div class=\"image_wrapper\"><a href=\"https:\/\/ileawo.com\/pt-br\/cerimonia-ancestral-oyo-oba-abimola-akeem-owoade-coroado-alaafin\/\"><div class=\"mask\"><\/div><img decoding=\"async\" width=\"960\" height=\"634\" src=\"https:\/\/ileawo.com\/wp-content\/uploads\/2025\/04\/coronacion-alaafin-oyo-960x634.jpg\" class=\"scale-with-grid wp-post-image\" alt=\"\" \/><\/a><div class=\"image_links double\"><a class=\"zoom \"  rel=\"prettyphoto\" href=\"https:\/\/ileawo.com\/wp-content\/uploads\/2025\/04\/coronacion-alaafin-oyo-1024x541.jpg\"><svg viewBox=\"0 0 26 26\"><defs><style>.path{fill:none;stroke:#333;stroke-miterlimit:10;stroke-width:1.5px;}<\/style><\/defs><circle cx=\"11.35\" cy=\"11.35\" r=\"6\" class=\"path\"><\/circle><line x1=\"15.59\" y1=\"15.59\" x2=\"20.65\" y2=\"20.65\" class=\"path\"><\/line><\/svg><\/a><a class=\"link \"  href=\"https:\/\/ileawo.com\/pt-br\/cerimonia-ancestral-oyo-oba-abimola-akeem-owoade-coroado-alaafin\/\"><svg viewBox=\"0 0 26 26\"><defs><style>.path{fill:none;stroke:#333;stroke-miterlimit:10;stroke-width:1.5px;}<\/style><\/defs><g><path d=\"M10.17,8.76l2.12-2.12a5,5,0,0,1,7.07,0h0a5,5,0,0,1,0,7.07l-2.12,2.12\" class=\"path\"><\/path><path d=\"M15.83,17.24l-2.12,2.12a5,5,0,0,1-7.07,0h0a5,5,0,0,1,0-7.07l2.12-2.12\" class=\"path\"><\/path><line x1=\"10.17\" y1=\"15.83\" x2=\"15.83\" y2=\"10.17\" class=\"path\"><\/line><\/g><\/svg><\/a><\/div><\/div><\/div><div class=\"post-desc-wrapper bg-\" style=\"\"><div class=\"post-desc\"><div class=\"post-head\"><div class=\"post-meta clearfix\"><div class=\"author-date\"><span class=\"vcard author post-author\"><span class=\"label\">Publicado por <\/span><i class=\"icon-user\" aria-label=\"author\"><\/i> <span class=\"fn\"><a href=\"https:\/\/ileawo.com\/pt-br\/author\/schumacher\/\">If\u00e1b\u00edy\u00ec\u00ed Ak\u00f3d\u00e0<\/a><\/span><\/span> <span class=\"date\"><span class=\"label\">em <\/span><i class=\"icon-clock\"><\/i> <span class=\"post-date updated\">abril 5, 2025<\/span><\/span><\/div><\/div><\/div><div class=\"post-title\"><h2 class=\"entry-title \" itemprop=\"headline\"><a href=\"https:\/\/ileawo.com\/pt-br\/cerimonia-ancestral-oyo-oba-abimola-akeem-owoade-coroado-alaafin\/\">Cerim\u00f4nia ancestral em \u1ecc\u0300y\u1ecd\u0301: \u1eccba Ab\u00edmb\u1ecd\u0301l\u00e1 \u00e9 coroado Al\u00e1\u00e0fin<\/a><\/h2><\/div><div class=\"post-excerpt\">A cidade de \u1ecc\u0300y\u1ecd\u0301 foi hoje palco da majestosa coroa\u00e7\u00e3o de Sua Majestade Imperial, Iku Baba Yeye, \u1eccba Ab\u00edmb\u1ecd\u0301l\u00e1 Ak\u1eb9\u0301\u1eb9\u0300m \u00d2w\u00f3\u00e1d\u00e9 I, como o 46\u00ba Al\u00e1\u00e0fin<span class=\"excerpt-hellip\"> [\u2026]<\/span><\/div><div class=\"post-footer\"><div class=\"button-love\"><span class=\"love-text\">\u00bfTe gusta?<\/span><a href=\"#\" class=\"mfn-love \" data-id=\"8154\"><span class=\"icons-wrapper\"><i class=\"icon-heart-empty-fa\"><\/i><i class=\"icon-heart-fa\"><\/i><\/span><span class=\"label\">0<\/span><\/a><\/div><div class=\"post-links\"><i class=\"read-more-icon icon-doc-text\" aria-hidden=\"true\"><\/i> <a href=\"https:\/\/ileawo.com\/pt-br\/cerimonia-ancestral-oyo-oba-abimola-akeem-owoade-coroado-alaafin\/\" class=\"post-more\">Consulte Mais<\/a><\/div><\/div><\/div><\/div><\/article><article class=\"post post-item isotope-item clearfix category-2700 category-2709 post-8137 type-post status-publish format-standard has-post-thumbnail hentry category-news-pt-br category-ileawo-pt-br\" style=\"\"><div class=\"date_label\">janeiro 12, 2025<\/div><div class=\"image_frame post-photo-wrapper scale-with-grid image\"><div class=\"image_wrapper\"><a href=\"https:\/\/ileawo.com\/pt-br\/eleito-novo-alaafin-oyo\/\"><div class=\"mask\"><\/div><img decoding=\"async\" width=\"640\" height=\"360\" src=\"https:\/\/ileawo.com\/wp-content\/uploads\/2025\/01\/nuevo-alaafin-de-oyo.webp\" class=\"scale-with-grid wp-post-image\" alt=\"Pr\u00edncipe Akeem Abimbola Owoade, nuevo Alaafin de Oyo\" srcset=\"https:\/\/ileawo.com\/wp-content\/uploads\/2025\/01\/nuevo-alaafin-de-oyo.webp 640w, https:\/\/ileawo.com\/wp-content\/uploads\/2025\/01\/nuevo-alaafin-de-oyo-300x169.webp 300w, https:\/\/ileawo.com\/wp-content\/uploads\/2025\/01\/nuevo-alaafin-de-oyo-133x75.webp 133w, https:\/\/ileawo.com\/wp-content\/uploads\/2025\/01\/nuevo-alaafin-de-oyo-480x270.webp 480w\" sizes=\"(max-width:767px) 480px, 640px\" \/><\/a><div class=\"image_links double\"><a class=\"zoom \"  rel=\"prettyphoto\" href=\"https:\/\/ileawo.com\/wp-content\/uploads\/2025\/01\/nuevo-alaafin-de-oyo.webp\"><svg viewBox=\"0 0 26 26\"><defs><style>.path{fill:none;stroke:#333;stroke-miterlimit:10;stroke-width:1.5px;}<\/style><\/defs><circle cx=\"11.35\" cy=\"11.35\" r=\"6\" class=\"path\"><\/circle><line x1=\"15.59\" y1=\"15.59\" x2=\"20.65\" y2=\"20.65\" class=\"path\"><\/line><\/svg><\/a><a class=\"link \"  href=\"https:\/\/ileawo.com\/pt-br\/eleito-novo-alaafin-oyo\/\"><svg viewBox=\"0 0 26 26\"><defs><style>.path{fill:none;stroke:#333;stroke-miterlimit:10;stroke-width:1.5px;}<\/style><\/defs><g><path d=\"M10.17,8.76l2.12-2.12a5,5,0,0,1,7.07,0h0a5,5,0,0,1,0,7.07l-2.12,2.12\" class=\"path\"><\/path><path d=\"M15.83,17.24l-2.12,2.12a5,5,0,0,1-7.07,0h0a5,5,0,0,1,0-7.07l2.12-2.12\" class=\"path\"><\/path><line x1=\"10.17\" y1=\"15.83\" x2=\"15.83\" y2=\"10.17\" class=\"path\"><\/line><\/g><\/svg><\/a><\/div><\/div><\/div><div class=\"post-desc-wrapper bg-\" style=\"\"><div class=\"post-desc\"><div class=\"post-head\"><div class=\"post-meta clearfix\"><div class=\"author-date\"><span class=\"vcard author post-author\"><span class=\"label\">Publicado por <\/span><i class=\"icon-user\" aria-label=\"author\"><\/i> <span class=\"fn\"><a href=\"https:\/\/ileawo.com\/pt-br\/author\/schumacher\/\">If\u00e1b\u00edy\u00ec\u00ed Ak\u00f3d\u00e0<\/a><\/span><\/span> <span class=\"date\"><span class=\"label\">em <\/span><i class=\"icon-clock\"><\/i> <span class=\"post-date updated\">janeiro 12, 2025<\/span><\/span><\/div><\/div><\/div><div class=\"post-title\"><h2 class=\"entry-title \" itemprop=\"headline\"><a href=\"https:\/\/ileawo.com\/pt-br\/eleito-novo-alaafin-oyo\/\">Eleito o novo Alaafin de Oyo<\/a><\/h2><\/div><div class=\"post-excerpt\">Ap\u00f3s mais de dois anos de cuidadosas consultas e adivinha\u00e7\u00f5es lideradas pelos s\u00e1bios Oyomesi, o povo iorub\u00e1 celebra a escolha do Pr\u00edncipe Akeem Abimbola Owoade como<span class=\"excerpt-hellip\"> [\u2026]<\/span><\/div><div class=\"post-footer\"><div class=\"button-love\"><span class=\"love-text\">\u00bfTe gusta?<\/span><a href=\"#\" class=\"mfn-love \" data-id=\"8137\"><span class=\"icons-wrapper\"><i class=\"icon-heart-empty-fa\"><\/i><i class=\"icon-heart-fa\"><\/i><\/span><span class=\"label\">0<\/span><\/a><\/div><div class=\"post-links\"><i class=\"read-more-icon icon-doc-text\" aria-hidden=\"true\"><\/i> <a href=\"https:\/\/ileawo.com\/pt-br\/eleito-novo-alaafin-oyo\/\" class=\"post-more\">Consulte Mais<\/a><\/div><\/div><\/div><\/div><\/article><article class=\"post post-item isotope-item clearfix category-2700 category-2709 post-8099 type-post status-publish format-standard has-post-thumbnail hentry category-news-pt-br category-ileawo-pt-br\" style=\"\"><div class=\"date_label\">novembro 11, 2024<\/div><div class=\"image_frame post-photo-wrapper scale-with-grid image\"><div class=\"image_wrapper\"><a href=\"https:\/\/ileawo.com\/pt-br\/novo-ifa-tradicional-manual-de-ifa-definitivo\/\"><div class=\"mask\"><\/div><img decoding=\"async\" width=\"960\" height=\"389\" src=\"https:\/\/ileawo.com\/wp-content\/uploads\/2024\/08\/app-ifa-tradicional-960x389.jpg\" class=\"scale-with-grid wp-post-image\" alt=\"Nueva actualizaci\u00f3n de la app If\u00e1 Tradicional\" \/><\/a><div class=\"image_links double\"><a class=\"zoom \"  rel=\"prettyphoto\" href=\"https:\/\/ileawo.com\/wp-content\/uploads\/2024\/08\/app-ifa-tradicional-1024x370.jpg\"><svg viewBox=\"0 0 26 26\"><defs><style>.path{fill:none;stroke:#333;stroke-miterlimit:10;stroke-width:1.5px;}<\/style><\/defs><circle cx=\"11.35\" cy=\"11.35\" r=\"6\" class=\"path\"><\/circle><line x1=\"15.59\" y1=\"15.59\" x2=\"20.65\" y2=\"20.65\" class=\"path\"><\/line><\/svg><\/a><a class=\"link \"  href=\"https:\/\/ileawo.com\/pt-br\/novo-ifa-tradicional-manual-de-ifa-definitivo\/\"><svg viewBox=\"0 0 26 26\"><defs><style>.path{fill:none;stroke:#333;stroke-miterlimit:10;stroke-width:1.5px;}<\/style><\/defs><g><path d=\"M10.17,8.76l2.12-2.12a5,5,0,0,1,7.07,0h0a5,5,0,0,1,0,7.07l-2.12,2.12\" class=\"path\"><\/path><path d=\"M15.83,17.24l-2.12,2.12a5,5,0,0,1-7.07,0h0a5,5,0,0,1,0-7.07l2.12-2.12\" class=\"path\"><\/path><line x1=\"10.17\" y1=\"15.83\" x2=\"15.83\" y2=\"10.17\" class=\"path\"><\/line><\/g><\/svg><\/a><\/div><\/div><\/div><div class=\"post-desc-wrapper bg-\" style=\"\"><div class=\"post-desc\"><div class=\"post-head\"><div class=\"post-meta clearfix\"><div class=\"author-date\"><span class=\"vcard author post-author\"><span class=\"label\">Publicado por <\/span><i class=\"icon-user\" aria-label=\"author\"><\/i> <span class=\"fn\"><a href=\"https:\/\/ileawo.com\/pt-br\/author\/schumacher\/\">If\u00e1b\u00edy\u00ec\u00ed Ak\u00f3d\u00e0<\/a><\/span><\/span> <span class=\"date\"><span class=\"label\">em <\/span><i class=\"icon-clock\"><\/i> <span class=\"post-date updated\">novembro 11, 2024<\/span><\/span><\/div><\/div><\/div><div class=\"post-title\"><h2 class=\"entry-title \" itemprop=\"headline\"><a href=\"https:\/\/ileawo.com\/pt-br\/novo-ifa-tradicional-manual-de-ifa-definitivo\/\">Descubra o novo If\u00e1 Tradicional, o manual de If\u00e1 definitivo<\/a><\/h2><\/div><div class=\"post-excerpt\">If\u00e1 Tradicional \u00e9 o manual definitivo de If\u00e1. \u00c9 o resultado de 30 anos de pr\u00e1tica, conhecimento e dedica\u00e7\u00e3o de um dos maiores B\u00e0b\u00e1l\u00e1wo do Ocidente:<span class=\"excerpt-hellip\"> [\u2026]<\/span><\/div><div class=\"post-footer\"><div class=\"button-love\"><span class=\"love-text\">\u00bfTe gusta?<\/span><a href=\"#\" class=\"mfn-love \" data-id=\"8099\"><span class=\"icons-wrapper\"><i class=\"icon-heart-empty-fa\"><\/i><i class=\"icon-heart-fa\"><\/i><\/span><span class=\"label\">0<\/span><\/a><\/div><div class=\"post-links\"><i class=\"read-more-icon icon-doc-text\" aria-hidden=\"true\"><\/i> <a href=\"https:\/\/ileawo.com\/pt-br\/novo-ifa-tradicional-manual-de-ifa-definitivo\/\" class=\"post-more\">Consulte Mais<\/a><\/div><\/div><\/div><\/div><\/article><\/div><div class=\"column one pager_wrapper\"><div class=\"pager\"><div class=\"pages\"><a href=\"https:\/\/ileawo.com\/pt-br\/wp-json\/wp\/v2\/pages\/2573\/\" class=\"page active\">1<\/a><a href=\"https:\/\/ileawo.com\/pt-br\/wp-json\/wp\/v2\/pages\/2573\/page\/2\/\" class=\"page\">2<\/a><a href=\"https:\/\/ileawo.com\/pt-br\/wp-json\/wp\/v2\/pages\/2573\/page\/3\/\" class=\"page\">3<\/a><a href=\"https:\/\/ileawo.com\/pt-br\/wp-json\/wp\/v2\/pages\/2573\/page\/4\/\" class=\"page\">4<\/a><a href=\"https:\/\/ileawo.com\/pt-br\/wp-json\/wp\/v2\/pages\/2573\/page\/5\/\" class=\"page\">5<\/a><\/div><a rel=\"next\" class=\"next_page\" href=\"https:\/\/ileawo.com\/pt-br\/wp-json\/wp\/v2\/pages\/2573\/page\/2\/\">Pr\u00f3xima p\u00e1gina<i class=\"icon-right-open\" aria-hidden=\"true\"><\/i><\/a><\/div><\/div>\n<\/div>\n<\/div>\n[\/vc_column][\/vc_row][vc_row full_width=&#8221;stretch_row&#8221; content_placement=&#8221;middle&#8221; bg_type=&#8221;bg_color&#8221; bg_override=&#8221;ex-full&#8221; bg_color_value=&#8221;#4e89d5&#8243; el_class=&#8221;banner&#8221; css=&#8221;.vc_custom_1590004249616{background-color: #4e89d5 !important;}&#8221;][vc_column width=&#8221;2\/3&#8243;][vc_column_text el_class=&#8221;banner-text&#8221;]Quer saber mais sobre Il\u00e9 Awo, If\u00e1 Tradicional, os Orixas e a religi\u00e3o Yoruba?[\/vc_column_text][\/vc_column][vc_column width=&#8221;1\/3&#8243;][vc_column_text css_animation=&#8221;bounceIn&#8221;]<\/p>\n<p style=\"text-align: center;\"><a class=\"custom-buttons-alternative\" href=\"https:\/\/ileawo.com\/pt-br\/contato\/\">Consulte-nos<\/a><\/p>\n<p>[\/vc_column_text][\/vc_column][\/vc_row]<\/p>\n<\/div>"},"excerpt":{"rendered":"<p>[vc_row css=&#8221;.vc_custom_1574680097132{margin-top: 0px !important;padding-bottom: 45px !important;}&#8221;][vc_column][\/vc_column][\/vc_row][vc_row full_width=&#8221;stretch_row&#8221; content_placement=&#8221;middle&#8221; bg_type=&#8221;bg_color&#8221; bg_override=&#8221;ex-full&#8221; bg_color_value=&#8221;#4e89d5&#8243; el_class=&#8221;banner&#8221; css=&#8221;.vc_custom_1590004249616{background-color: #4e89d5 !important;}&#8221;][vc_column width=&#8221;2\/3&#8243;][vc_column_text el_class=&#8221;banner-text&#8221;]Quer saber mais sobre Il\u00e9 Awo, If\u00e1 Tradicional, os Orixas<span class=\"excerpt-hellip\"> [\u2026]<\/span><\/p>\n","protected":false},"author":1,"featured_media":931,"parent":0,"menu_order":0,"comment_status":"open","ping_status":"open","template":"","meta":{"footnotes":""},"categories":[],"class_list":["post-2573","page","type-page","status-publish","has-post-thumbnail","hentry"],"yoast_head":"<!-- This site is optimized with the Yoast SEO Premium plugin v25.2 (Yoast SEO v27.5) - https:\/\/yoast.com\/product\/yoast-seo-premium-wordpress\/ -->\n<title>Blog de If\u00e1 Tradicional, fique atento as novidades de If\u00e1 - Il\u00e9 Awo<\/title>\n<meta name=\"description\" content=\"Fique informado sobre as ultimas novidades e noticias sobre a pratica tradicional e da religiao Yoruba em nosso blog de If\u00e1. Siga-nos nas redes sociais.\" \/>\n<meta name=\"robots\" content=\"index, follow, max-snippet:-1, max-image-preview:large, max-video-preview:-1\" \/>\n<link rel=\"canonical\" href=\"https:\/\/ileawo.com\/pt-br\/blog\/\" \/>\n<meta property=\"og:locale\" content=\"pt_BR\" \/>\n<meta property=\"og:type\" content=\"article\" \/>\n<meta property=\"og:title\" content=\"Blog de If\u00e1 Tradicional\" \/>\n<meta property=\"og:description\" content=\"Fique informado sobre as ultimas novidades e noticias sobre a pratica tradicional e da religiao Yoruba em nosso blog de If\u00e1. Siga-nos nas redes sociais.\" \/>\n<meta property=\"og:url\" content=\"https:\/\/ileawo.com\/pt-br\/blog\/\" \/>\n<meta property=\"og:site_name\" content=\"Il\u00e9 Awo\" \/>\n<meta property=\"article:publisher\" content=\"https:\/\/www.facebook.com\/ifabiyii\" \/>\n<meta property=\"article:modified_time\" content=\"2020-05-26T09:52:18+00:00\" \/>\n<meta property=\"og:image\" content=\"https:\/\/ileawo.com\/wp-content\/uploads\/2020\/05\/blog-de-ifa.jpg\" \/>\n\t<meta property=\"og:image:width\" content=\"1200\" \/>\n\t<meta property=\"og:image:height\" content=\"633\" \/>\n\t<meta property=\"og:image:type\" content=\"image\/jpeg\" \/>\n<meta name=\"twitter:card\" content=\"summary_large_image\" \/>\n<meta name=\"twitter:site\" content=\"@ifabiyii\" \/>\n<!-- \/ Yoast SEO Premium plugin. -->","yoast_head_json":{"title":"Blog de If\u00e1 Tradicional, fique atento as novidades de If\u00e1 - Il\u00e9 Awo","description":"Fique informado sobre as ultimas novidades e noticias sobre a pratica tradicional e da religiao Yoruba em nosso blog de If\u00e1. Siga-nos nas redes sociais.","robots":{"index":"index","follow":"follow","max-snippet":"max-snippet:-1","max-image-preview":"max-image-preview:large","max-video-preview":"max-video-preview:-1"},"canonical":"https:\/\/ileawo.com\/pt-br\/blog\/","og_locale":"pt_BR","og_type":"article","og_title":"Blog de If\u00e1 Tradicional","og_description":"Fique informado sobre as ultimas novidades e noticias sobre a pratica tradicional e da religiao Yoruba em nosso blog de If\u00e1. Siga-nos nas redes sociais.","og_url":"https:\/\/ileawo.com\/pt-br\/blog\/","og_site_name":"Il\u00e9 Awo","article_publisher":"https:\/\/www.facebook.com\/ifabiyii","article_modified_time":"2020-05-26T09:52:18+00:00","og_image":[{"width":1200,"height":633,"url":"https:\/\/ileawo.com\/wp-content\/uploads\/2020\/05\/blog-de-ifa.jpg","type":"image\/jpeg"}],"twitter_card":"summary_large_image","twitter_site":"@ifabiyii","schema":{"@context":"https:\/\/schema.org","@graph":[{"@type":"Article","@id":"https:\/\/ileawo.com\/pt-br\/blog\/#article","isPartOf":{"@id":"https:\/\/ileawo.com\/pt-br\/blog\/"},"author":{"name":"If\u00e1b\u00edy\u00ec\u00ed Ak\u00f3d\u00e0","@id":"http:\/\/ileawo.com\/pt-br\/#\/schema\/person\/5b4d3af5a9aa8f02fe88dbeb048ef64a"},"headline":"Blog de If\u00e1 Tradicional","datePublished":"2019-10-26T22:00:00+00:00","dateModified":"2020-05-26T09:52:18+00:00","mainEntityOfPage":{"@id":"https:\/\/ileawo.com\/pt-br\/blog\/"},"wordCount":108,"commentCount":0,"publisher":{"@id":"http:\/\/ileawo.com\/pt-br\/#organization"},"image":{"@id":"https:\/\/ileawo.com\/pt-br\/blog\/#primaryimage"},"thumbnailUrl":"https:\/\/ileawo.com\/wp-content\/uploads\/2020\/05\/blog-de-ifa.jpg","inLanguage":"pt-BR","potentialAction":[{"@type":"CommentAction","name":"Comment","target":["https:\/\/ileawo.com\/pt-br\/blog\/#respond"]}]},{"@type":"WebPage","@id":"https:\/\/ileawo.com\/pt-br\/blog\/","url":"https:\/\/ileawo.com\/pt-br\/blog\/","name":"Blog de If\u00e1 Tradicional, fique atento as novidades de If\u00e1 - Il\u00e9 Awo","isPartOf":{"@id":"http:\/\/ileawo.com\/pt-br\/#website"},"primaryImageOfPage":{"@id":"https:\/\/ileawo.com\/pt-br\/blog\/#primaryimage"},"image":{"@id":"https:\/\/ileawo.com\/pt-br\/blog\/#primaryimage"},"thumbnailUrl":"https:\/\/ileawo.com\/wp-content\/uploads\/2020\/05\/blog-de-ifa.jpg","datePublished":"2019-10-26T22:00:00+00:00","dateModified":"2020-05-26T09:52:18+00:00","description":"Fique informado sobre as ultimas novidades e noticias sobre a pratica tradicional e da religiao Yoruba em nosso blog de If\u00e1. Siga-nos nas redes sociais.","breadcrumb":{"@id":"https:\/\/ileawo.com\/pt-br\/blog\/#breadcrumb"},"inLanguage":"pt-BR","potentialAction":[{"@type":"ReadAction","target":["https:\/\/ileawo.com\/pt-br\/blog\/"]}]},{"@type":"ImageObject","inLanguage":"pt-BR","@id":"https:\/\/ileawo.com\/pt-br\/blog\/#primaryimage","url":"https:\/\/ileawo.com\/wp-content\/uploads\/2020\/05\/blog-de-ifa.jpg","contentUrl":"https:\/\/ileawo.com\/wp-content\/uploads\/2020\/05\/blog-de-ifa.jpg","width":1200,"height":633,"caption":"Blog De If\u00e1"},{"@type":"BreadcrumbList","@id":"https:\/\/ileawo.com\/pt-br\/blog\/#breadcrumb","itemListElement":[{"@type":"ListItem","position":1,"name":"Home","item":"http:\/\/ileawo.com\/pt-br\/"},{"@type":"ListItem","position":2,"name":"Blog de If\u00e1 Tradicional"}]},{"@type":"WebSite","@id":"http:\/\/ileawo.com\/pt-br\/#website","url":"http:\/\/ileawo.com\/pt-br\/","name":"Il\u00e9 Awo","description":"","publisher":{"@id":"http:\/\/ileawo.com\/pt-br\/#organization"},"potentialAction":[{"@type":"SearchAction","target":{"@type":"EntryPoint","urlTemplate":"http:\/\/ileawo.com\/pt-br\/?s={search_term_string}"},"query-input":{"@type":"PropertyValueSpecification","valueRequired":true,"valueName":"search_term_string"}}],"inLanguage":"pt-BR"},{"@type":"Organization","@id":"http:\/\/ileawo.com\/pt-br\/#organization","name":"Il\u00e9 Awo","url":"http:\/\/ileawo.com\/pt-br\/","logo":{"@type":"ImageObject","inLanguage":"pt-BR","@id":"http:\/\/ileawo.com\/pt-br\/#\/schema\/logo\/image\/","url":"https:\/\/ileawo.com\/wp-content\/uploads\/revslider\/Bienvenido\/Logo-Ile-Awo-20201.png","contentUrl":"https:\/\/ileawo.com\/wp-content\/uploads\/revslider\/Bienvenido\/Logo-Ile-Awo-20201.png","width":500,"height":155,"caption":"Il\u00e9 Awo"},"image":{"@id":"http:\/\/ileawo.com\/pt-br\/#\/schema\/logo\/image\/"},"sameAs":["https:\/\/www.facebook.com\/ifabiyii","https:\/\/x.com\/ifabiyii","https:\/\/www.instagram.com\/ifabiyii_akoda\/"]},{"@type":"Person","@id":"http:\/\/ileawo.com\/pt-br\/#\/schema\/person\/5b4d3af5a9aa8f02fe88dbeb048ef64a","name":"If\u00e1b\u00edy\u00ec\u00ed Ak\u00f3d\u00e0","image":{"@type":"ImageObject","inLanguage":"pt-BR","@id":"https:\/\/secure.gravatar.com\/avatar\/07530fd5fec1f19247b6ca33a6f419284691fff29c8857d86ea771d943bdba08?s=96&d=mm&r=g","url":"https:\/\/secure.gravatar.com\/avatar\/07530fd5fec1f19247b6ca33a6f419284691fff29c8857d86ea771d943bdba08?s=96&d=mm&r=g","contentUrl":"https:\/\/secure.gravatar.com\/avatar\/07530fd5fec1f19247b6ca33a6f419284691fff29c8857d86ea771d943bdba08?s=96&d=mm&r=g","caption":"If\u00e1b\u00edy\u00ec\u00ed Ak\u00f3d\u00e0"},"sameAs":["https:\/\/ileawo.com\/"]}]}},"_links":{"self":[{"href":"https:\/\/ileawo.com\/pt-br\/wp-json\/wp\/v2\/pages\/2573","targetHints":{"allow":["GET"]}}],"collection":[{"href":"https:\/\/ileawo.com\/pt-br\/wp-json\/wp\/v2\/pages"}],"about":[{"href":"https:\/\/ileawo.com\/pt-br\/wp-json\/wp\/v2\/types\/page"}],"author":[{"embeddable":true,"href":"https:\/\/ileawo.com\/pt-br\/wp-json\/wp\/v2\/users\/1"}],"replies":[{"embeddable":true,"href":"https:\/\/ileawo.com\/pt-br\/wp-json\/wp\/v2\/comments?post=2573"}],"version-history":[{"count":0,"href":"https:\/\/ileawo.com\/pt-br\/wp-json\/wp\/v2\/pages\/2573\/revisions"}],"wp:featuredmedia":[{"embeddable":true,"href":"https:\/\/ileawo.com\/pt-br\/wp-json\/wp\/v2\/media\/931"}],"wp:attachment":[{"href":"https:\/\/ileawo.com\/pt-br\/wp-json\/wp\/v2\/media?parent=2573"}],"wp:term":[{"taxonomy":"category","embeddable":true,"href":"https:\/\/ileawo.com\/pt-br\/wp-json\/wp\/v2\/categories?post=2573"}],"curies":[{"name":"wp","href":"https:\/\/api.w.org\/{rel}","templated":true}]}}