{"id":1956,"date":"2019-10-27T00:00:00","date_gmt":"2019-10-26T22:00:00","guid":{"rendered":"https:\/\/ileawo.com\/pratica-de-ifa-tradicional\/babalawo-ifabiyii-akoda\/"},"modified":"2020-05-31T22:24:10","modified_gmt":"2020-05-31T20:24:10","slug":"babalawo-ifabiyii-akoda","status":"publish","type":"page","link":"https:\/\/ileawo.com\/pt-br\/pratica-de-ifa-tradicional\/babalawo-ifabiyii-akoda\/","title":{"rendered":"Babalawo Ifabiyii Akoda"},"content":{"rendered":"<div class=\"wpb-content-wrapper\"><p>[vc_row el_class=&#8221;first-row&#8221;][vc_column width=&#8221;1\/6&#8243; offset=&#8221;vc_hidden-sm vc_hidden-xs&#8221;][\/vc_column][vc_column offset=&#8221;vc_col-md-8&#8243;][vc_column_text]<\/p>\n<blockquote>\n<p style=\"text-align: center;\">O bom comportamento deve andar de m\u00e3os dadas com a pr\u00e1tica de If\u00e1 e deve ser a prioridade de todos os babalawos.<\/p>\n<p style=\"text-align: right;\"><strong>Awo Ifabiyii Akoda<\/strong><\/p>\n<\/blockquote>\n<p>[\/vc_column_text][\/vc_column][vc_column width=&#8221;1\/6&#8243; offset=&#8221;vc_hidden-sm vc_hidden-xs&#8221;][\/vc_column][\/vc_row][vc_row full_width=&#8221;stretch_row&#8221; content_placement=&#8221;middle&#8221; bg_type=&#8221;bg_color&#8221; css=&#8221;.vc_custom_1572641270839{padding-top: 40px !important;padding-bottom: 40px !important;}&#8221; bg_color_value=&#8221;#f6f6f6&#8243; el_class=&#8221;flex-row-tablet margin-alternative&#8221;][vc_column offset=&#8221;vc_col-md-8&#8243;][vc_column_text]<\/p>\n<h2 style=\"text-align: center;\">Conhe\u00e7a o babalawo Ifabiyii Akoda<\/h2>\n<p>O awo Ifabiyii Akoda (If\u00e1b\u00edy\u00ec\u00ed Ak\u00f3d\u00e0) \u00e9 um babalawo iniciado a 20 anos e pioneiro na pr\u00e1tica da religi\u00e3o tradicional na Am\u00e9rica Latina e no sul da Fl\u00f3rida. Deu seus primeiros passos na religi\u00e3o com apenas 14 anos e logo depois come\u00e7ou seus estudos no If\u00e1 tradicional com professores babalawos de \u00d2y\u00f3, Nig\u00e9ria, e depois iniciou-se com o babalawo Frank Cabrera Su\u00e1rez.<\/p>\n<p>Para Ifabiyii Akoda, a base da pr\u00e1tica tradicional de If\u00e1 \u00e9 o estudo e o conhecimento. Guiado por esse princ\u00edpio ele se dedicou na \u00faltima d\u00e9cada a propagar a cultura tradicional yoruba por todo o mundo atrav\u00e9s de novas tecnologias, fundando em 2005 o site iletuntun.com, agora ileawo.com, a primeira p\u00e1gina de If\u00e1 tradicional do mundo. Ele tamb\u00e9m \u00e9 o criador e desenvolvedor dos aplicativos para celular e tablet If\u00e1 Tradicional, <a href=\"http:\/\/hyperurl.co\/ifa-pro-app\">If\u00e1 Tradicional Pro<\/a> e <a href=\"http:\/\/hyperurl.co\/oju-odu\">Oj\u00fa Od\u00f9<\/a>, com mais de 50.000 downloads em todo o mundo desde sua primeira edi\u00e7\u00e3o, dos quais mais de 6.000 est\u00e3o registrados na Nig\u00e9ria, que evidencia o impacto do aplicativo mesmo em terras yoruba. Os aplicativos tradicionais s\u00e3o usadas como manuais pr\u00e1ticos no cotidiano do babalawo e dos n\u00e3o iniciados.<\/p>\n<p>Em rela\u00e7\u00e3o ao seu trabalho na dissemina\u00e7\u00e3o da <a href=\"https:\/\/ileawo.com\/pt-br\/pratica-de-ifa-tradicional\/\">cultura tradicional yoruba<\/a> Ifabiyii Akoda afirma: \u201c\u00c9 uma honra participar deste projeto e usar a tecnologia para fornecer informa\u00e7\u00f5es sobre o If\u00e1 tradicional, facilitando o estudo de todos os seguidores da religi\u00e3o yoruba no mundo\u201d.[\/vc_column_text][\/vc_column][vc_column offset=&#8221;vc_col-md-4&#8243;][vc_single_image image=&#8221;1130&#8243; img_size=&#8221;large&#8221; alignment=&#8221;center&#8221; css=&#8221;.vc_custom_1590062753764{margin-bottom: -30px !important;}&#8221;][\/vc_column][\/vc_row][vc_row full_width=&#8221;stretch_row&#8221; content_placement=&#8221;middle&#8221; parallax=&#8221;content-moving&#8221; parallax_image=&#8221;1133&#8243; parallax_speed_bg=&#8221;1.8&#8243; css=&#8221;.vc_custom_1590062773512{padding-top: 60px !important;padding-bottom: 60px !important;}&#8221;][vc_column width=&#8221;1\/4&#8243;][\/vc_column][vc_column width=&#8221;1\/2&#8243;][vc_column_text]<\/p>\n<h3 style=\"text-align: center;\"><span style=\"color: #ffffff;\">Pioneiro na pr\u00e1tica de If\u00e1 Tradicional<br \/>\n<\/span><\/h3>\n<p style=\"text-align: center;\"><span style=\"color: #ffffff;\">Ifabiyii Akoda \u00e9 um dos pioneiros na pr\u00e1tica do If\u00e1 Tradicional na Am\u00e9rica Latina e nos Estados Unidos.<\/span><\/p>\n<p>[\/vc_column_text][vc_column_text]<\/p>\n<p style=\"text-align: center;\"><span style=\"color: #ffffff;\"><a style=\"color: #ffffff;\" href=\"https:\/\/ileawo.com\/pt-br\/contato\/\">Saiba mais<\/a><\/span><\/p>\n<p>[\/vc_column_text][\/vc_column][vc_column width=&#8221;1\/4&#8243;][\/vc_column][\/vc_row][vc_row full_width=&#8221;stretch_row&#8221; content_placement=&#8221;middle&#8221; bg_type=&#8221;bg_color&#8221; bg_override=&#8221;ex-full&#8221; bg_color_value=&#8221;#4e89d5&#8243; el_class=&#8221;banner&#8221; css=&#8221;.vc_custom_1590063048366{background-color: #4e89d5 !important;}&#8221;][vc_column width=&#8221;2\/3&#8243;][vc_column_text el_class=&#8221;banner-text&#8221;]Recite os versos de If\u00e1 como um verdadeiro Yoruba, com If\u00e1 Tradicional Pro[\/vc_column_text][\/vc_column][vc_column width=&#8221;1\/3&#8243;][vc_column_text css_animation=&#8221;bounceIn&#8221;]<\/p>\n<p style=\"text-align: center;\"><a class=\"custom-buttons-alternative\" href=\"http:\/\/hyperurl.co\/ifa-pro-app\">Baixar<\/a><\/p>\n<p>[\/vc_column_text][\/vc_column][\/vc_row]<\/p>\n<\/div>"},"excerpt":{"rendered":"<p>[vc_row el_class=&#8221;first-row&#8221;][vc_column width=&#8221;1\/6&#8243; offset=&#8221;vc_hidden-sm vc_hidden-xs&#8221;][\/vc_column][vc_column offset=&#8221;vc_col-md-8&#8243;][vc_column_text] O bom comportamento deve andar de m\u00e3os dadas com a pr\u00e1tica de If\u00e1 e deve ser a prioridade de todos<span class=\"excerpt-hellip\"> [\u2026]<\/span><\/p>\n","protected":false},"author":1,"featured_media":3404,"parent":1908,"menu_order":0,"comment_status":"open","ping_status":"open","template":"","meta":{"footnotes":""},"categories":[],"class_list":["post-1956","page","type-page","status-publish","has-post-thumbnail","hentry"],"yoast_head":"<!-- This site is optimized with the Yoast SEO Premium plugin v25.2 (Yoast SEO v27.5) - https:\/\/yoast.com\/product\/yoast-seo-premium-wordpress\/ -->\n<title>Ifabiyii Akoda, babalawo pioneiro na pr\u00e1tica do If\u00e1 Tradicional - Il\u00e9 Awo<\/title>\n<meta name=\"description\" content=\"Babalawo Ifabiyii Akoda \u00e9 um dos pioneiros na pr\u00e1tica de If\u00e1 tradicional na Am\u00e9rica Latina, Estados Unidos e Europa. Entre em contato para saber mais\" \/>\n<meta name=\"robots\" content=\"index, follow, max-snippet:-1, max-image-preview:large, max-video-preview:-1\" \/>\n<link rel=\"canonical\" href=\"https:\/\/ileawo.com\/pt-br\/pratica-de-ifa-tradicional\/babalawo-ifabiyii-akoda\/\" \/>\n<meta property=\"og:locale\" content=\"pt_BR\" \/>\n<meta property=\"og:type\" content=\"article\" \/>\n<meta property=\"og:title\" content=\"Babalawo Ifabiyii Akoda\" \/>\n<meta property=\"og:description\" content=\"Babalawo Ifabiyii Akoda \u00e9 um dos pioneiros na pr\u00e1tica de If\u00e1 tradicional na Am\u00e9rica Latina, Estados Unidos e Europa. Entre em contato para saber mais\" \/>\n<meta property=\"og:url\" content=\"https:\/\/ileawo.com\/pt-br\/pratica-de-ifa-tradicional\/babalawo-ifabiyii-akoda\/\" \/>\n<meta property=\"og:site_name\" content=\"Il\u00e9 Awo\" \/>\n<meta property=\"article:publisher\" content=\"https:\/\/www.facebook.com\/ifabiyii\" \/>\n<meta property=\"article:modified_time\" content=\"2020-05-31T20:24:10+00:00\" \/>\n<meta property=\"og:image\" content=\"http:\/\/ileawo.com\/wp-content\/uploads\/2020\/05\/babalawo-tradicional.jpg\" \/>\n\t<meta property=\"og:image:width\" content=\"1200\" \/>\n\t<meta property=\"og:image:height\" content=\"633\" \/>\n\t<meta property=\"og:image:type\" content=\"image\/jpeg\" \/>\n<meta name=\"twitter:card\" content=\"summary_large_image\" \/>\n<meta name=\"twitter:image\" content=\"https:\/\/ileawo.com\/wp-content\/uploads\/2020\/05\/babalawo-tradicional.jpg\" \/>\n<meta name=\"twitter:site\" content=\"@ifabiyii\" \/>\n<!-- \/ Yoast SEO Premium plugin. -->","yoast_head_json":{"title":"Ifabiyii Akoda, babalawo pioneiro na pr\u00e1tica do If\u00e1 Tradicional - Il\u00e9 Awo","description":"Babalawo Ifabiyii Akoda \u00e9 um dos pioneiros na pr\u00e1tica de If\u00e1 tradicional na Am\u00e9rica Latina, Estados Unidos e Europa. Entre em contato para saber mais","robots":{"index":"index","follow":"follow","max-snippet":"max-snippet:-1","max-image-preview":"max-image-preview:large","max-video-preview":"max-video-preview:-1"},"canonical":"https:\/\/ileawo.com\/pt-br\/pratica-de-ifa-tradicional\/babalawo-ifabiyii-akoda\/","og_locale":"pt_BR","og_type":"article","og_title":"Babalawo Ifabiyii Akoda","og_description":"Babalawo Ifabiyii Akoda \u00e9 um dos pioneiros na pr\u00e1tica de If\u00e1 tradicional na Am\u00e9rica Latina, Estados Unidos e Europa. Entre em contato para saber mais","og_url":"https:\/\/ileawo.com\/pt-br\/pratica-de-ifa-tradicional\/babalawo-ifabiyii-akoda\/","og_site_name":"Il\u00e9 Awo","article_publisher":"https:\/\/www.facebook.com\/ifabiyii","article_modified_time":"2020-05-31T20:24:10+00:00","og_image":[{"width":1200,"height":633,"url":"http:\/\/ileawo.com\/wp-content\/uploads\/2020\/05\/babalawo-tradicional.jpg","type":"image\/jpeg"}],"twitter_card":"summary_large_image","twitter_image":"https:\/\/ileawo.com\/wp-content\/uploads\/2020\/05\/babalawo-tradicional.jpg","twitter_site":"@ifabiyii","schema":{"@context":"https:\/\/schema.org","@graph":[{"@type":"Article","@id":"https:\/\/ileawo.com\/pt-br\/pratica-de-ifa-tradicional\/babalawo-ifabiyii-akoda\/#article","isPartOf":{"@id":"https:\/\/ileawo.com\/pt-br\/pratica-de-ifa-tradicional\/babalawo-ifabiyii-akoda\/"},"author":{"name":"If\u00e1b\u00edy\u00ec\u00ed Ak\u00f3d\u00e0","@id":"http:\/\/ileawo.com\/pt-br\/#\/schema\/person\/5b4d3af5a9aa8f02fe88dbeb048ef64a"},"headline":"Babalawo Ifabiyii Akoda","datePublished":"2019-10-26T22:00:00+00:00","dateModified":"2020-05-31T20:24:10+00:00","mainEntityOfPage":{"@id":"https:\/\/ileawo.com\/pt-br\/pratica-de-ifa-tradicional\/babalawo-ifabiyii-akoda\/"},"wordCount":553,"commentCount":0,"publisher":{"@id":"http:\/\/ileawo.com\/pt-br\/#organization"},"image":{"@id":"https:\/\/ileawo.com\/pt-br\/pratica-de-ifa-tradicional\/babalawo-ifabiyii-akoda\/#primaryimage"},"thumbnailUrl":"https:\/\/ileawo.com\/wp-content\/uploads\/2020\/05\/babalawo-tradicional.jpg","inLanguage":"pt-BR","potentialAction":[{"@type":"CommentAction","name":"Comment","target":["https:\/\/ileawo.com\/pt-br\/pratica-de-ifa-tradicional\/babalawo-ifabiyii-akoda\/#respond"]}]},{"@type":"WebPage","@id":"https:\/\/ileawo.com\/pt-br\/pratica-de-ifa-tradicional\/babalawo-ifabiyii-akoda\/","url":"https:\/\/ileawo.com\/pt-br\/pratica-de-ifa-tradicional\/babalawo-ifabiyii-akoda\/","name":"Ifabiyii Akoda, babalawo pioneiro na pr\u00e1tica do If\u00e1 Tradicional - Il\u00e9 Awo","isPartOf":{"@id":"http:\/\/ileawo.com\/pt-br\/#website"},"primaryImageOfPage":{"@id":"https:\/\/ileawo.com\/pt-br\/pratica-de-ifa-tradicional\/babalawo-ifabiyii-akoda\/#primaryimage"},"image":{"@id":"https:\/\/ileawo.com\/pt-br\/pratica-de-ifa-tradicional\/babalawo-ifabiyii-akoda\/#primaryimage"},"thumbnailUrl":"https:\/\/ileawo.com\/wp-content\/uploads\/2020\/05\/babalawo-tradicional.jpg","datePublished":"2019-10-26T22:00:00+00:00","dateModified":"2020-05-31T20:24:10+00:00","description":"Babalawo Ifabiyii Akoda \u00e9 um dos pioneiros na pr\u00e1tica de If\u00e1 tradicional na Am\u00e9rica Latina, Estados Unidos e Europa. Entre em contato para saber mais","breadcrumb":{"@id":"https:\/\/ileawo.com\/pt-br\/pratica-de-ifa-tradicional\/babalawo-ifabiyii-akoda\/#breadcrumb"},"inLanguage":"pt-BR","potentialAction":[{"@type":"ReadAction","target":["https:\/\/ileawo.com\/pt-br\/pratica-de-ifa-tradicional\/babalawo-ifabiyii-akoda\/"]}]},{"@type":"ImageObject","inLanguage":"pt-BR","@id":"https:\/\/ileawo.com\/pt-br\/pratica-de-ifa-tradicional\/babalawo-ifabiyii-akoda\/#primaryimage","url":"https:\/\/ileawo.com\/wp-content\/uploads\/2020\/05\/babalawo-tradicional.jpg","contentUrl":"https:\/\/ileawo.com\/wp-content\/uploads\/2020\/05\/babalawo-tradicional.jpg","width":1200,"height":633,"caption":"babalawo tradicional Ifabiyii Akoda"},{"@type":"BreadcrumbList","@id":"https:\/\/ileawo.com\/pt-br\/pratica-de-ifa-tradicional\/babalawo-ifabiyii-akoda\/#breadcrumb","itemListElement":[{"@type":"ListItem","position":1,"name":"Home","item":"http:\/\/ileawo.com\/pt-br\/"},{"@type":"ListItem","position":2,"name":"Pr\u00e1tica de If\u00e1 Tradicional","item":"https:\/\/ileawo.com\/pt-br\/pratica-de-ifa-tradicional\/"},{"@type":"ListItem","position":3,"name":"Babalawo Ifabiyii Akoda"}]},{"@type":"WebSite","@id":"http:\/\/ileawo.com\/pt-br\/#website","url":"http:\/\/ileawo.com\/pt-br\/","name":"Il\u00e9 Awo","description":"","publisher":{"@id":"http:\/\/ileawo.com\/pt-br\/#organization"},"potentialAction":[{"@type":"SearchAction","target":{"@type":"EntryPoint","urlTemplate":"http:\/\/ileawo.com\/pt-br\/?s={search_term_string}"},"query-input":{"@type":"PropertyValueSpecification","valueRequired":true,"valueName":"search_term_string"}}],"inLanguage":"pt-BR"},{"@type":"Organization","@id":"http:\/\/ileawo.com\/pt-br\/#organization","name":"Il\u00e9 Awo","url":"http:\/\/ileawo.com\/pt-br\/","logo":{"@type":"ImageObject","inLanguage":"pt-BR","@id":"http:\/\/ileawo.com\/pt-br\/#\/schema\/logo\/image\/","url":"https:\/\/ileawo.com\/wp-content\/uploads\/revslider\/Bienvenido\/Logo-Ile-Awo-20201.png","contentUrl":"https:\/\/ileawo.com\/wp-content\/uploads\/revslider\/Bienvenido\/Logo-Ile-Awo-20201.png","width":500,"height":155,"caption":"Il\u00e9 Awo"},"image":{"@id":"http:\/\/ileawo.com\/pt-br\/#\/schema\/logo\/image\/"},"sameAs":["https:\/\/www.facebook.com\/ifabiyii","https:\/\/x.com\/ifabiyii","https:\/\/www.instagram.com\/ifabiyii_akoda\/"]},{"@type":"Person","@id":"http:\/\/ileawo.com\/pt-br\/#\/schema\/person\/5b4d3af5a9aa8f02fe88dbeb048ef64a","name":"If\u00e1b\u00edy\u00ec\u00ed Ak\u00f3d\u00e0","image":{"@type":"ImageObject","inLanguage":"pt-BR","@id":"https:\/\/secure.gravatar.com\/avatar\/07530fd5fec1f19247b6ca33a6f419284691fff29c8857d86ea771d943bdba08?s=96&d=mm&r=g","url":"https:\/\/secure.gravatar.com\/avatar\/07530fd5fec1f19247b6ca33a6f419284691fff29c8857d86ea771d943bdba08?s=96&d=mm&r=g","contentUrl":"https:\/\/secure.gravatar.com\/avatar\/07530fd5fec1f19247b6ca33a6f419284691fff29c8857d86ea771d943bdba08?s=96&d=mm&r=g","caption":"If\u00e1b\u00edy\u00ec\u00ed Ak\u00f3d\u00e0"},"sameAs":["https:\/\/ileawo.com\/"]}]}},"_links":{"self":[{"href":"https:\/\/ileawo.com\/pt-br\/wp-json\/wp\/v2\/pages\/1956","targetHints":{"allow":["GET"]}}],"collection":[{"href":"https:\/\/ileawo.com\/pt-br\/wp-json\/wp\/v2\/pages"}],"about":[{"href":"https:\/\/ileawo.com\/pt-br\/wp-json\/wp\/v2\/types\/page"}],"author":[{"embeddable":true,"href":"https:\/\/ileawo.com\/pt-br\/wp-json\/wp\/v2\/users\/1"}],"replies":[{"embeddable":true,"href":"https:\/\/ileawo.com\/pt-br\/wp-json\/wp\/v2\/comments?post=1956"}],"version-history":[{"count":0,"href":"https:\/\/ileawo.com\/pt-br\/wp-json\/wp\/v2\/pages\/1956\/revisions"}],"up":[{"embeddable":true,"href":"https:\/\/ileawo.com\/pt-br\/wp-json\/wp\/v2\/pages\/1908"}],"wp:featuredmedia":[{"embeddable":true,"href":"https:\/\/ileawo.com\/pt-br\/wp-json\/wp\/v2\/media\/3404"}],"wp:attachment":[{"href":"https:\/\/ileawo.com\/pt-br\/wp-json\/wp\/v2\/media?parent=1956"}],"wp:term":[{"taxonomy":"category","embeddable":true,"href":"https:\/\/ileawo.com\/pt-br\/wp-json\/wp\/v2\/categories?post=1956"}],"curies":[{"name":"wp","href":"https:\/\/api.w.org\/{rel}","templated":true}]}}